{"id":26024,"date":"2025-01-30T15:36:00","date_gmt":"2025-01-30T15:36:00","guid":{"rendered":"https:\/\/andras.ee\/?post_type=ama-project&#038;p=26024"},"modified":"2026-08-26T11:13:38","modified_gmt":"2026-08-26T11:13:38","slug":"euvet-p","status":"publish","type":"ama-project","link":"https:\/\/andras.ee\/en\/ama-project\/euvet-p\/","title":{"rendered":"EUVET-P"},"content":{"rendered":"\n<p class=\"wp-el wp-block-paragraph\">EU VET Policy: Vocational Education and Training Policy in the European Union\/ELi kutse\u00f5ppepoliitika: Kutsehariduse ja -koolituse poliitika Euroopa Liidus<\/p>\n\n\n\n<p class=\"wp-el wp-block-paragraph\"><strong>Projekti koordinaator: TU Dresden<\/strong><\/p>\n\n\n\n<p class=\"wp-el wp-block-paragraph\"><strong>Partnerid: ETKA Andras (EST), Kek Axia (Greece); AidLearn (Portugal)<\/strong><\/p>\n\n\n\n<p class=\"wp-el wp-block-paragraph\"><strong>Eesm\u00e4rgid:<\/strong><\/p>\n\n\n\n<ol class=\"wp-block-list wp-el\">\n<li>Uurida, kas EL kutse\u00f5ppepoliitika soovitused on osa kutse\u00f5ppeprogrammidest ja kuidas ELi kutse\u00f5ppepoliitika rakendamine on kutse\u00f5ppeprogrammidesse integreeritud;<\/li>\n\n\n\n<li>Tuvastada ja arutada praegusi ELi kutse\u00f5ppepoliitikaga seotud tegevusi ning algatada vastastikune infovahetus olemasoleva ja kavandatava materjali \u00fcle, et edendada ELi kutse\u00f5ppepoliitikat programmides;<\/li>\n\n\n\n<li>\u00dchiselt arendada ja katsetada \u00f5ppematerjali, mis toetab &#8220;Euroopa ideed&#8221; kutse\u00f5ppes ja illustreerib n\u00e4itlikult ELi kutse\u00f5ppepoliitika vahendite ja t\u00f6\u00f6riistade p\u00f5hiideid ja eeliseid.<\/li>\n<\/ol>\n\n\n\n<p class=\"wp-el wp-block-paragraph\"><strong>Peamine tulemus:<\/strong><\/p>\n\n\n\n<p class=\"wp-el wp-block-paragraph\">\u00d5ppematerjalide v\u00e4ljat\u00f6\u00f6tamine (heade praktikate kogumik), mis toetab kutse\u00f5ppepakkujaid &#8220;Euroopa idee&#8221; ning ELi kutsehariduse ja -koolituse poliitika strateegiate ja t\u00f6\u00f6riistade rakendamisel. See suurendab avalikkuse teadlikkust ja vastuv\u00f5tlikkust ELi kutse\u00f5ppepoliitika suhtes.<\/p>\n\n\n\n<p class=\"wp-el wp-block-paragraph\">T\u00e4psemalt: hinnata, kas v\u00e4lja t\u00f6\u00f6tatud ELi \u00f5ppe- ja \u00f5ppematerjalid on rakendatavad, vastavad Euroopa v\u00e4\u00e4rtustele ning vastavad sihtr\u00fchma vajadustele. Samuti tuvastada valdkonnad, kus materjale saab t\u00e4iustada, tuginedes kutse\u00f5ppeasutuste t\u00f6\u00f6tajate tagasisidele. Materjalide selguse suurendamiseks tuleks k\u00f5rvaldada ebaselgused, et parandada nende arusaadavust ja kasutusmugavust.<\/p>\n\n\n\n<p class=\"wp-el wp-block-paragraph\">Projekti k\u00e4igus on valminud erinevate riikide <strong>heade<\/strong> <strong>kogemuste praktikate kogumik<\/strong> EU poliitikate rakendamise v\u00f5imaluste kohta.<br>Kogumikuga saad tutvuda <strong><a href=\"https:\/\/tu-dresden.de\/gsw\/ew\/ibbd\/eb\/ressourcen\/dateien\/forschung\/euvet\/EUVETP_Good-Practice-Report-1.pdf?lang=en\" data-type=\"link\" data-id=\"https:\/\/tu-dresden.de\/gsw\/ew\/ibbd\/eb\/ressourcen\/dateien\/forschung\/euvet\/EUVETP_Good-Practice-Report-1.pdf?lang=en\" target=\"_blank\" rel=\"noopener\">SIIN<\/a><\/strong><\/p>\n\n\n\n<p class=\"wp-el wp-block-paragraph\"><strong>Sihtgrupid:<\/strong><\/p>\n\n\n\n<p class=\"wp-el wp-block-paragraph\">Peamine sihtr\u00fchm:<\/p>\n\n\n\n<ol class=\"wp-block-list wp-el\">\n<li>kutse\u00f5ppeasutuse \u00f5petajad ja -koolitajad,<\/li>\n\n\n\n<li>&nbsp;kutse\u00f5ppepakkujad;<\/li>\n<\/ol>\n\n\n\n<p class=\"wp-el wp-block-paragraph\">Sekundaarne sihtgrupp:<\/p>\n\n\n\n<ol class=\"wp-block-list wp-el\">\n<li>\u00f5petajate ja koolitajate koolitajad;<\/li>\n\n\n\n<li>kutse\u00f5ppijad ja -\u00f5pilased.<\/li>\n<\/ol>\n\n\n\n<p class=\"wp-el wp-block-paragraph\"> 17.06.2026 toimus Tallinnas hotellis Hestia Europa rahvusvahelise projekti EUVET-P projekti l\u00f5pp\u00fcritus, mis t\u00f5i kokku kutsehariduse valdkonna \u00f5petajad, juhid, arendusjuhid, projektijuhid ning rahvusvaheliste ja Euroopa koost\u00f6\u00f6projektidega tegelevad spetsialistid.<br>P\u00e4eva jooksul said osalejad \u00fclevaate EUVET-P projekti k\u00e4igus valminud praktilistest \u00f5ppematerjalidest ning tutvusid partnerorganisatsioonide heade praktikate ja kogemustega. Aruteludes keskenduti Euroopa kutsehariduse tulevikule, v\u00f5imalustele ja v\u00e4ljakutsetele ning k\u00e4sitleti Euroopa Liidu meetmete m\u00f5ju ja kasutegurit kutsehariduses.<\/p>\n\n\n\n<p class=\"wp-el wp-block-paragraph\">\u00dcritus pakkus osalejatele v\u00f5imalust jagada oma organisatsioonide kogemusi Euroopa ja Erasmus+ projektides ning luua uusi kontakte edasiste koost\u00f6\u00f6v\u00f5imaluste arendamiseks. Erilist v\u00e4\u00e4rtust andsid aktiivsed arutelud ja kogemuste vahetamine erinevate riikide esindajate vahel.<\/p>\n\n\n\n<p class=\"wp-el wp-block-paragraph\">L\u00f5pp\u00fcritusel osalesid projekti koost\u00f6\u00f6partnerid Eestist, Saksamaalt, Portugalist ja Kreekast, kelle panus aitas kaasa sisukale rahvusvahelisele koost\u00f6\u00f6le ning projekti tulemuste laiemale tutvustamisele.<\/p>\n\n\n\n<p class=\"wp-el wp-block-paragraph\">Projekti kaasatud ja l\u00f5puseminari esinenud Valgamaa Kutse\u00f5ppekeskuse v\u00e4lja\u00f5ppe logistik K\u00e4rt Kuvvas- Mekk pani kirja oma kogemuse projektis osalemisest. Tema lugu saab lugeda <a href=\"https:\/\/andras.ee\/euvet-p-projektist-igapaevasesse-opetamisse\/\">siit<\/a><\/p>\n\n\n\n<figure class=\"wp-block-image size-full is-resized\"><img loading=\"lazy\" decoding=\"async\" width=\"317\" height=\"71\" src=\"https:\/\/andras.ee\/wp-content\/uploads\/2025\/01\/image.png\" alt=\"\" class=\"wp-image-26025\" style=\"width:442px;height:auto\"\/><\/figure>\n\n\n\n<p class=\"wp-el wp-block-paragraph\">Rahastatud Euroopa Liidu poolt. Avaldatud seisukohad ja arvamused on ainult autori(te) omad ega pruugi kajastada Euroopa Liidu v\u00f5i Euroopa Hariduse ja Kultuuri Rakendusameti (EACEA) seisukohti ja arvamusi. Euroopa Liit ega EACEA nende eest ei vastuta.<\/p>\n\n\n\n<p class=\"wp-el wp-block-paragraph\"><\/p>\n","protected":false},"featured_media":26032,"template":"","class_list":["post-26024","ama-project","type-ama-project","status-publish","has-post-thumbnail","hentry"],"acf":[],"_links":{"self":[{"href":"https:\/\/andras.ee\/en\/wp-json\/wp\/v2\/ama-project\/26024","targetHints":{"allow":["GET"]}}],"collection":[{"href":"https:\/\/andras.ee\/en\/wp-json\/wp\/v2\/ama-project"}],"about":[{"href":"https:\/\/andras.ee\/en\/wp-json\/wp\/v2\/types\/ama-project"}],"version-history":[{"count":5,"href":"https:\/\/andras.ee\/en\/wp-json\/wp\/v2\/ama-project\/26024\/revisions"}],"predecessor-version":[{"id":31170,"href":"https:\/\/andras.ee\/en\/wp-json\/wp\/v2\/ama-project\/26024\/revisions\/31170"}],"wp:featuredmedia":[{"embeddable":true,"href":"https:\/\/andras.ee\/en\/wp-json\/wp\/v2\/media\/26032"}],"wp:attachment":[{"href":"https:\/\/andras.ee\/en\/wp-json\/wp\/v2\/media?parent=26024"}],"curies":[{"name":"wp","href":"https:\/\/api.w.org\/{rel}","templated":true}]}}